{"id":7949,"date":"2026-03-22T14:17:55","date_gmt":"2026-03-22T13:17:55","guid":{"rendered":"http:\/\/hoteldes2continents.com\/new\/tourisme\/"},"modified":"2026-03-26T13:48:37","modified_gmt":"2026-03-26T12:48:37","slug":"actividades-turisticas","status":"publish","type":"page","link":"https:\/\/www.hoteldes2continents.com\/es\/actividades-turisticas\/","title":{"rendered":"Autour de nous"},"content":{"rendered":"\n\t<section class=\"section\" id=\"section_2020606780\">\n\t\t<div class=\"bg section-bg fill bg-fill  bg-loaded\" >\n\n\t\t\t\n\t\t\t\n\t\t\t\n\n\t\t<\/div>\n\n\t\t<div class=\"section-content relative\">\n\t\t\t\n\n<div class=\"row row-collapse row-full-width\"  id=\"row-861143538\">\n\n\n\t<div id=\"col-1875138819\" class=\"col small-12 large-12\"  >\n\t\t<div class=\"col-inner\"  >\n\t\t\t\n\t\t\t\n\n<p><iframe loading=\"lazy\" src=\"https:\/\/www.google.com\/maps\/embed?pb=!1m18!1m12!1m3!1d2625.1534562439756!2d2.3322682160646555!3d48.85528407928721!2m3!1f0!2f0!3f0!3m2!1i1024!2i768!4f13.1!3m3!1m2!1s0x47e671d81517e427%3A0x9fd1a9a899595c0c!2s25+Rue+Jacob%2C+75006+Paris!5e0!3m2!1sfr!2sfr!4v1488185417531\" width=\"100%\" height=\"350\" frameborder=\"0\" style=\"border:0\" allowfullscreen=\"\"><\/iframe><\/p>\n<div class=\"container section-title-container\" ><h1 class=\"section-title section-title-center\"><b><\/b><span class=\"section-title-main\" >barrio saint-germain-des-pres Paris<\/span><b><\/b><\/h1><\/div>\n\n\n\t\t<\/div>\n\t\t\n<style>\n#col-1875138819 > .col-inner {\n  padding: 0px 0 0px 0px;\n  margin: 0px 0 0px 0px;\n}\n<\/style>\n\t<\/div>\n\n\t\n\n\n<style>\n#row-861143538 > .col > .col-inner {\n  padding: 0px 0px 0 0px;\n}\n<\/style>\n<\/div>\n\n\t\t<\/div>\n\n\t\t\n<style>\n#section_2020606780 {\n  padding-top: 0px;\n  padding-bottom: 0px;\n  margin-bottom: 0px;\n}\n<\/style>\n\t<\/section>\n\t\n\t<section class=\"section\" id=\"section_2109135326\">\n\t\t<div class=\"bg section-bg fill bg-fill  bg-loaded\" >\n\n\t\t\t\n\t\t\t\n\t\t\t\n\n\t\t<\/div>\n\n\t\t<div class=\"section-content relative\">\n\t\t\t\n\n<div class=\"row\"  id=\"row-478297231\">\n\n\n\t<div id=\"col-1149362921\" class=\"col small-12 large-12\"  >\n\t\t<div class=\"col-inner\"  >\n\t\t\t\n\t\t\t\n\n\t<div class=\"img has-hover x md-x lg-x y md-y lg-y\" id=\"image_132973000\">\n\t\t\t\t\t\t\t\t<div class=\"img-inner dark\" >\n\t\t\t\t\t\t\t\t\t\n\t\t\t\t\t<\/div>\n\t\t\t\t\t\t\t\t\n<style>\n#image_132973000 {\n  width: 100%;\n}\n<\/style>\n\t<\/div>\n\t\n\n<h3 style=\"text-align:center;\">TURISMO &#038; CENTROS DE INTER\u00c9S<\/h3>\n\n\t\t<\/div>\n\t\t\t<\/div>\n\n\t\n\n\t<div id=\"col-952141831\" class=\"col medium-8 small-12 large-8\"  >\n\t\t<div class=\"col-inner\"  >\n\t\t\t\n\t\t\t\n\n<div class=\"accordion\" rel=\"1\">\n\n<div class=\"accordion-item\"><a href=\"#\" class=\"accordion-title plain\"><button class=\"toggle\"><i class=\"icon-angle-down\"><\/i><\/button><span>Cultura & Monumentos<\/span><\/a><div class=\"accordion-inner\">\n\n<ul>\n<li>Museo Delacroix&nbsp;: 5 minutos a pie. Cerrado los martes.<\/li>\n<li>Museo du Louvre&nbsp;: 10 minutos a pie. Cerrado los martes.<\/li>\n<li>Puente de las Artes : 10 minutos a pie.<\/li>\n<li>Museo de la Edad Media&nbsp;: 15 minutos a pie. Cerrado los martes.<\/li>\n<li>Catedral de Notre-Dame : 15 minutos a pie. Abierta todos los d\u00edas.<\/li>\n<li>Museo de Orsay : 20 minutos a pie. Cerrado los lunes<\/li>\n<li>El Pante\u00f3n&nbsp;: 20 minutos a pie. Abierto todos los d\u00edas<\/li>\n<li>Op\u00e9ra Garnier&nbsp;: 20 minutos a pie. Abierta todos los d\u00edas.<\/li>\n<li>Montmartre&nbsp;: 20 minutos en metro. Accesible todos los d\u00edas.<\/li>\n<li>Ayuntamiento de Par\u00eds&nbsp;: 25 minutos a pie.<\/li>\n<li>Tour Eiffel&nbsp;: 35 minutos a pie.<\/li>\n<li>Campos El\u00edseos&nbsp;: 45 minutos a pie o 20 minutos en metro.<\/li>\n<li>Palacio de Versailles&nbsp;: RER C desde la estaci\u00f3n Saint-Michel, parada en Versailles Rive Gauche (40 minutos).<\/li>\n<li>Giverny&nbsp;: tren desde la estaci\u00f3n \u00abGare Saint-Lazare\u00bb hasta Vernon y despu\u00e9s servicio de transporte a Giverny (alrededor de 1h30)<\/li>\n<li>Las playas del desembarco&nbsp;: tren desde la estaci\u00f3n \u00abGare Saint-Lazare\u00bb hasta Caen (2 horas), a continuaci\u00f3n autob\u00fas hasta las playas de Omaha Beach y de Arromanches. Posibilidad de alquilar un coche (oficina de Hertz en el boulevard Saint-Michel).<\/li>\n<\/ul>\n\n<\/div><\/div>\n<div class=\"accordion-item\"><a href=\"#\" class=\"accordion-title plain\"><button class=\"toggle\"><i class=\"icon-angle-down\"><\/i><\/button><span>Jardines parisinos<\/span><\/a><div class=\"accordion-inner\">\n\n<ul>\n<li>Jardin du Luxembourg&nbsp;: 10 minutos a pie.<\/li>\n<li>Jardin des Plantes&nbsp;: 25 minutos a pie o 10 minutos en metro (l\u00ednea 10).<\/li>\n<li>Jardin des Tuileries&nbsp;: 15 minutos a pie.<\/li>\n<\/ul>\n\n<\/div><\/div>\n<div class=\"accordion-item\"><a href=\"#\" class=\"accordion-title plain\"><button class=\"toggle\"><i class=\"icon-angle-down\"><\/i><\/button><span>Compras<\/span><\/a><div class=\"accordion-inner\">\n\n<ul>\n<li>Galeries Lafayette &amp; Printemps Haussmann : Tomar la l\u00ednea 4 del metro, correspondencia en Ch\u00e2telet para tomar la l\u00ednea 7 hasta Chauss\u00e9e d\u2019Antin Lafayette. Cerrados los domingos.e<\/li>\n<li>Le Bon March\u00e9&nbsp;: 15 minutos a pie o tomar la l\u00ednea 10 hasta S\u00e8vres Babylone (1 estaci\u00f3n). Cerrado los domingos.<\/li>\n<li>Boutique Christian Louboutin, 15 minutos a pie, 38-40 rue de Grenelle. Cerrada los domingos.<\/li>\n<li>Louis Vuitton&nbsp;: 3 minutos a pie, Place Saint-Germain-des-Pr\u00e9s. Cerrada los domingos.<\/li>\n<li>S\u00e9phora&nbsp;: 5 minutos a pie, 79 boulevard Saint-Germain. Cerrada los domingos.<\/li>\n<li>Fauchon&nbsp;: Place de la Madeleine, 15 minutos en metro.<\/li>\n<\/ul>\n\n<\/div><\/div>\n\n<\/div>\n\n\t\t<\/div>\n\t\t\t<\/div>\n\n\t\n\n\t<div id=\"col-1425242812\" class=\"col medium-4 small-12 large-4\"  >\n\t\t<div class=\"col-inner\"  >\n\t\t\t\n\t\t\t\n\n\t<div class=\"img has-hover x md-x lg-x y md-y lg-y\" id=\"image_886811694\">\n\t\t\t\t\t\t\t\t<div class=\"img-inner dark\" >\n\t\t\t<img width=\"808\" height=\"1000\" src=\"https:\/\/www.hoteldes2continents.com\/wp-content\/uploads\/2020\/01\/eglise-saint-germain.jpg\" class=\"attachment-large size-large\" alt=\"Eglise st germain\" decoding=\"async\" srcset=\"https:\/\/www.hoteldes2continents.com\/wp-content\/uploads\/2020\/01\/eglise-saint-germain.jpg 808w, https:\/\/www.hoteldes2continents.com\/wp-content\/uploads\/2020\/01\/eglise-saint-germain-242x300.jpg 242w, https:\/\/www.hoteldes2continents.com\/wp-content\/uploads\/2020\/01\/eglise-saint-germain-768x950.jpg 768w\" sizes=\"(max-width: 808px) 100vw, 808px\" \/>\t\t\t\t\t\t\n\t\t\t\t\t<\/div>\n\t\t\t\t\t\t\t\t\n<style>\n#image_886811694 {\n  width: 100%;\n}\n<\/style>\n\t<\/div>\n\t\n\n\n\t\t<\/div>\n\t\t\t<\/div>\n\n\t\n\n<\/div>\n\n\t\t<\/div>\n\n\t\t\n<style>\n#section_2109135326 {\n  padding-top: 0px;\n  padding-bottom: 0px;\n}\n<\/style>\n\t<\/section>\n\t\n\n","protected":false},"excerpt":{"rendered":"","protected":false},"author":1,"featured_media":0,"parent":0,"menu_order":0,"comment_status":"closed","ping_status":"closed","template":"page-blank.php","meta":{"_editorskit_title_hidden":false,"_editorskit_reading_time":1,"_editorskit_is_block_options_detached":false,"_editorskit_block_options_position":"{}"},"_links":{"self":[{"href":"https:\/\/www.hoteldes2continents.com\/es\/wp-json\/wp\/v2\/pages\/7949"}],"collection":[{"href":"https:\/\/www.hoteldes2continents.com\/es\/wp-json\/wp\/v2\/pages"}],"about":[{"href":"https:\/\/www.hoteldes2continents.com\/es\/wp-json\/wp\/v2\/types\/page"}],"author":[{"embeddable":true,"href":"https:\/\/www.hoteldes2continents.com\/es\/wp-json\/wp\/v2\/users\/1"}],"replies":[{"embeddable":true,"href":"https:\/\/www.hoteldes2continents.com\/es\/wp-json\/wp\/v2\/comments?post=7949"}],"version-history":[{"count":3,"href":"https:\/\/www.hoteldes2continents.com\/es\/wp-json\/wp\/v2\/pages\/7949\/revisions"}],"predecessor-version":[{"id":15863,"href":"https:\/\/www.hoteldes2continents.com\/es\/wp-json\/wp\/v2\/pages\/7949\/revisions\/15863"}],"wp:attachment":[{"href":"https:\/\/www.hoteldes2continents.com\/es\/wp-json\/wp\/v2\/media?parent=7949"}],"curies":[{"name":"wp","href":"https:\/\/api.w.org\/{rel}","templated":true}]}}